{"id":63,"date":"2020-09-25T09:47:56","date_gmt":"2020-09-25T07:47:56","guid":{"rendered":"https:\/\/teddy87.lima-city.de\/?page_id=63"},"modified":"2021-03-17T12:06:23","modified_gmt":"2021-03-17T11:06:23","slug":"nachhaltigkeitsziele","status":"publish","type":"page","link":"https:\/\/nachhaltig-wirtschaften-mitteldeutschland.de\/startseite\/innovationsworkshop\/nachhaltigkeitsziele\/","title":{"rendered":"Nachhaltigkeitsziele"},"content":{"rendered":"\t\t<div data-elementor-type=\"wp-page\" data-elementor-id=\"63\" class=\"elementor elementor-63\">\n\t\t\t\t\t\t\t\t\t<section class=\"elementor-section elementor-top-section elementor-element elementor-element-566b417a elementor-section-boxed elementor-section-height-default elementor-section-height-default\" data-id=\"566b417a\" data-element_type=\"section\">\n\t\t\t\t\t\t<div class=\"elementor-container elementor-column-gap-default\">\n\t\t\t\t\t<div class=\"elementor-column elementor-col-100 elementor-top-column elementor-element elementor-element-7cc3c05e\" data-id=\"7cc3c05e\" data-element_type=\"column\">\n\t\t\t<div class=\"elementor-widget-wrap elementor-element-populated\">\n\t\t\t\t\t\t\t\t<div class=\"elementor-element elementor-element-3eecb183 elementor-widget elementor-widget-text-editor\" data-id=\"3eecb183\" data-element_type=\"widget\" data-widget_type=\"text-editor.default\">\n\t\t\t\t<div class=\"elementor-widget-container\">\n\t\t\t\t\t\t\t<p><!-- wp:block {\"ref\":238} \/--><\/p>\n<p><!-- wp:heading --><\/p>\n<h2>Nachhaltigkeitsziele<\/h2>\n<p><!-- \/wp:heading --><\/p>\n<p><!-- wp:paragraph --><\/p>\n<p>Am 25. September 2015 verabschiedeten die Vereinten Nationen 17 Ziele f\u00fcr eine global nachhaltige Entwicklung (oft auch Agenda 2030 oder engl. <i>Sustainable Development Goals<\/i> &#8211; SDGs &#8211; genannt). Alle Mitgliedsstaaten der UNO orientieren sich in ihrer Politik an diesen Zielen. Auch in Deutschland sind die Nachhaltigkeitsstrategie der Bundesregierung sowie Sachsen-Anhalts an die SDGs angelehnt. Die 17 globalen Ziele richten sich an alle: die Regierungen weltweit, aber auch die Zivilgesellschaft, die Privatwirtschaft und die Wissenschaft. Weitere Informationen finden Sie <a href=\"https:\/\/www.bundesregierung.de\/breg-de\/themen\/nachhaltigkeitspolitik\/nachhaltigkeitsziele-verstaendlich-erklaert-232174\">hier<\/a>.<\/p>\n<div>\n<p><!-- \/wp:image --><\/p>\n<\/div>\t\t\t\t\t\t<\/div>\n\t\t\t\t<\/div>\n\t\t\t\t<div class=\"elementor-element elementor-element-5940eeb elementor-widget elementor-widget-image\" data-id=\"5940eeb\" data-element_type=\"widget\" data-widget_type=\"image.default\">\n\t\t\t\t<div class=\"elementor-widget-container\">\n\t\t\t\t\t\t\t\t\t\t\t\t\t\t\t<img loading=\"lazy\" decoding=\"async\" width=\"1024\" height=\"501\" src=\"https:\/\/nachhaltig-wirtschaften-mitteldeutschland.de\/wp-content\/uploads\/2021\/02\/SDGs-DE_4887x2392px-e1615895026758.png\" class=\"attachment-large size-large wp-image-618\" alt=\"\" \/>\t\t\t\t\t\t\t\t\t\t\t\t\t\t\t<\/div>\n\t\t\t\t<\/div>\n\t\t\t\t<div class=\"elementor-element elementor-element-9eba961 elementor-widget elementor-widget-accordion\" data-id=\"9eba961\" data-element_type=\"widget\" data-widget_type=\"accordion.default\">\n\t\t\t\t<div class=\"elementor-widget-container\">\n\t\t\t\t\t<div class=\"elementor-accordion\" role=\"tablist\">\n\t\t\t\t\t\t\t<div class=\"elementor-accordion-item\">\n\t\t\t\t\t<div id=\"elementor-tab-title-1661\" class=\"elementor-tab-title\" data-tab=\"1\" role=\"tab\" aria-controls=\"elementor-tab-content-1661\" aria-expanded=\"false\">\n\t\t\t\t\t\t\t\t\t\t\t\t\t<span class=\"elementor-accordion-icon elementor-accordion-icon-left\" aria-hidden=\"true\">\n\t\t\t\t\t\t\t\t\t\t\t\t\t\t\t<span class=\"elementor-accordion-icon-closed\"><i class=\"fas fa-plus\"><\/i><\/span>\n\t\t\t\t\t\t\t\t<span class=\"elementor-accordion-icon-opened\"><i class=\"fas fa-minus\"><\/i><\/span>\n\t\t\t\t\t\t\t\t\t\t\t\t\t\t<\/span>\n\t\t\t\t\t\t\t\t\t\t\t\t<a class=\"elementor-accordion-title\" href=\"\">Ziel 1 - Armut in jeder Form und \u00fcberall beenden<\/a>\n\t\t\t\t\t<\/div>\n\t\t\t\t\t<div id=\"elementor-tab-content-1661\" class=\"elementor-tab-content elementor-clearfix\" data-tab=\"1\" role=\"tabpanel\" aria-labelledby=\"elementor-tab-title-1661\"><p>Die \u00dcberwindung von Armut ist die gr\u00f6\u00dfte Herausforderung der Gegenwart. Armut gibt es in vielen Auspr\u00e4gungen. Absolute Armut, die mitunter existenzbedrohend ist, ist nicht vergleichbar mit der Situation von Menschen mit niedrigem Einkommen in Deutschland. Beide Formen der Armut m\u00fcssen jedoch bek\u00e4mpft werden.<\/p>\n<p><a href=\"https:\/\/www.bundesregierung.de\/breg-de\/themen\/nachhaltigkeitspolitik\/armut-in-jeder-form-und-ueberall-beenden-1537492\" target=\"_blank\" rel=\"noopener\"><img loading=\"lazy\" decoding=\"async\" class=\"alignnone size-thumbnail wp-image-394\" src=\"https:\/\/nachhaltig-wirtschaften-mitteldeutschland.de\/wp-content\/uploads\/2020\/12\/SDG_1-Keine_Armut-150x150.png\" alt=\"\" width=\"150\" height=\"150\" srcset=\"https:\/\/nachhaltig-wirtschaften-mitteldeutschland.de\/wp-content\/uploads\/2020\/12\/SDG_1-Keine_Armut-150x150.png 150w, https:\/\/nachhaltig-wirtschaften-mitteldeutschland.de\/wp-content\/uploads\/2020\/12\/SDG_1-Keine_Armut-300x300.png 300w, https:\/\/nachhaltig-wirtschaften-mitteldeutschland.de\/wp-content\/uploads\/2020\/12\/SDG_1-Keine_Armut.png 400w\" sizes=\"(max-width: 150px) 100vw, 150px\" \/><\/a><\/p><\/div>\n\t\t\t\t<\/div>\n\t\t\t\t\t\t\t<div class=\"elementor-accordion-item\">\n\t\t\t\t\t<div id=\"elementor-tab-title-1662\" class=\"elementor-tab-title\" data-tab=\"2\" role=\"tab\" aria-controls=\"elementor-tab-content-1662\" aria-expanded=\"false\">\n\t\t\t\t\t\t\t\t\t\t\t\t\t<span class=\"elementor-accordion-icon elementor-accordion-icon-left\" aria-hidden=\"true\">\n\t\t\t\t\t\t\t\t\t\t\t\t\t\t\t<span class=\"elementor-accordion-icon-closed\"><i class=\"fas fa-plus\"><\/i><\/span>\n\t\t\t\t\t\t\t\t<span class=\"elementor-accordion-icon-opened\"><i class=\"fas fa-minus\"><\/i><\/span>\n\t\t\t\t\t\t\t\t\t\t\t\t\t\t<\/span>\n\t\t\t\t\t\t\t\t\t\t\t\t<a class=\"elementor-accordion-title\" href=\"\">Ziel 2 - Ern\u00e4hrung weltweit sichern<\/a>\n\t\t\t\t\t<\/div>\n\t\t\t\t\t<div id=\"elementor-tab-content-1662\" class=\"elementor-tab-content elementor-clearfix\" data-tab=\"2\" role=\"tabpanel\" aria-labelledby=\"elementor-tab-title-1662\"><p>F\u00fcr Ern\u00e4hrungssicherheit, bessere Ern\u00e4hrung und eine Welt ohne Hunger sind nachhaltige Landwirtschaft und l\u00e4ndliche Entwicklung wichtige Voraussetzungen. Das Ziel &#8222;Ern\u00e4hrungssicherheit&#8220; der Agenda 2030 soll bis 2030 erreicht werden &#8211; weltweit!<\/p>\n<p><a href=\"https:\/\/www.bundesregierung.de\/breg-de\/themen\/nachhaltigkeitspolitik\/ernaehrung-weltweit-sichern-319080\" target=\"_blank\" rel=\"noopener\"><img loading=\"lazy\" decoding=\"async\" class=\"alignnone size-thumbnail wp-image-351\" src=\"https:\/\/nachhaltig-wirtschaften-mitteldeutschland.de\/wp-content\/uploads\/2020\/12\/SDG_2-Kein_Hunger-150x150.png\" alt=\"\" width=\"150\" height=\"150\" srcset=\"https:\/\/nachhaltig-wirtschaften-mitteldeutschland.de\/wp-content\/uploads\/2020\/12\/SDG_2-Kein_Hunger-150x150.png 150w, https:\/\/nachhaltig-wirtschaften-mitteldeutschland.de\/wp-content\/uploads\/2020\/12\/SDG_2-Kein_Hunger-300x300.png 300w, https:\/\/nachhaltig-wirtschaften-mitteldeutschland.de\/wp-content\/uploads\/2020\/12\/SDG_2-Kein_Hunger.png 400w\" sizes=\"(max-width: 150px) 100vw, 150px\" \/><\/a><\/p><\/div>\n\t\t\t\t<\/div>\n\t\t\t\t\t\t\t<div class=\"elementor-accordion-item\">\n\t\t\t\t\t<div id=\"elementor-tab-title-1663\" class=\"elementor-tab-title\" data-tab=\"3\" role=\"tab\" aria-controls=\"elementor-tab-content-1663\" aria-expanded=\"false\">\n\t\t\t\t\t\t\t\t\t\t\t\t\t<span class=\"elementor-accordion-icon elementor-accordion-icon-left\" aria-hidden=\"true\">\n\t\t\t\t\t\t\t\t\t\t\t\t\t\t\t<span class=\"elementor-accordion-icon-closed\"><i class=\"fas fa-plus\"><\/i><\/span>\n\t\t\t\t\t\t\t\t<span class=\"elementor-accordion-icon-opened\"><i class=\"fas fa-minus\"><\/i><\/span>\n\t\t\t\t\t\t\t\t\t\t\t\t\t\t<\/span>\n\t\t\t\t\t\t\t\t\t\t\t\t<a class=\"elementor-accordion-title\" href=\"\">Ziel 3 - Gesundheit und Wohlergehen<\/a>\n\t\t\t\t\t<\/div>\n\t\t\t\t\t<div id=\"elementor-tab-content-1663\" class=\"elementor-tab-content elementor-clearfix\" data-tab=\"3\" role=\"tabpanel\" aria-labelledby=\"elementor-tab-title-1663\"><p>Alle Menschen w\u00fcnschen sich Gesundheit ein Leben lang. Den Zugang zu guter medizinischer Versorgung, lebensrettenden Medikamenten, gesunder Ern\u00e4hrung, sauberem Wasser und guter Luft zu erm\u00f6glichen, ist Aufgabe der Politik. Dazu hat sich die Staatengemeinschaft in der Agenda 2030 verpflichtet.<\/p>\n<p><a href=\"https:\/\/www.bundesregierung.de\/breg-de\/themen\/nachhaltigkeitspolitik\/gesundheit-und-wohlergehen-1509824\" target=\"_blank\" rel=\"noopener\"><img loading=\"lazy\" decoding=\"async\" class=\"alignnone size-thumbnail wp-image-352\" src=\"https:\/\/nachhaltig-wirtschaften-mitteldeutschland.de\/wp-content\/uploads\/2020\/12\/SDG_3-Gesundheit_und_Wohlergehen-150x150.png\" alt=\"\" width=\"150\" height=\"150\" srcset=\"https:\/\/nachhaltig-wirtschaften-mitteldeutschland.de\/wp-content\/uploads\/2020\/12\/SDG_3-Gesundheit_und_Wohlergehen-150x150.png 150w, https:\/\/nachhaltig-wirtschaften-mitteldeutschland.de\/wp-content\/uploads\/2020\/12\/SDG_3-Gesundheit_und_Wohlergehen-300x300.png 300w, https:\/\/nachhaltig-wirtschaften-mitteldeutschland.de\/wp-content\/uploads\/2020\/12\/SDG_3-Gesundheit_und_Wohlergehen.png 400w\" sizes=\"(max-width: 150px) 100vw, 150px\" \/><\/a><\/p><\/div>\n\t\t\t\t<\/div>\n\t\t\t\t\t\t\t<div class=\"elementor-accordion-item\">\n\t\t\t\t\t<div id=\"elementor-tab-title-1664\" class=\"elementor-tab-title\" data-tab=\"4\" role=\"tab\" aria-controls=\"elementor-tab-content-1664\" aria-expanded=\"false\">\n\t\t\t\t\t\t\t\t\t\t\t\t\t<span class=\"elementor-accordion-icon elementor-accordion-icon-left\" aria-hidden=\"true\">\n\t\t\t\t\t\t\t\t\t\t\t\t\t\t\t<span class=\"elementor-accordion-icon-closed\"><i class=\"fas fa-plus\"><\/i><\/span>\n\t\t\t\t\t\t\t\t<span class=\"elementor-accordion-icon-opened\"><i class=\"fas fa-minus\"><\/i><\/span>\n\t\t\t\t\t\t\t\t\t\t\t\t\t\t<\/span>\n\t\t\t\t\t\t\t\t\t\t\t\t<a class=\"elementor-accordion-title\" href=\"\">Ziel 4 - Hochwertige Bildung weltweit<\/a>\n\t\t\t\t\t<\/div>\n\t\t\t\t\t<div id=\"elementor-tab-content-1664\" class=\"elementor-tab-content elementor-clearfix\" data-tab=\"4\" role=\"tabpanel\" aria-labelledby=\"elementor-tab-title-1664\"><p>Alle Menschen sollen eine inklusive, chancengerechte und hochwertige Bildung erhalten. Darauf hat sich die Staatengemeinschaft in der Agenda 2030 f\u00fcr nachhaltige Entwicklung verpflichtet.<\/p>\n<p><a href=\"https:\/\/www.bundesregierung.de\/breg-de\/themen\/nachhaltigkeitspolitik\/hochwertige-bildung-weltweit-1004538\" target=\"_blank\" rel=\"noopener\"><img loading=\"lazy\" decoding=\"async\" class=\"alignnone size-thumbnail wp-image-353\" src=\"https:\/\/nachhaltig-wirtschaften-mitteldeutschland.de\/wp-content\/uploads\/2020\/12\/SDG_4-Hochwertige_Bildung-150x150.png\" alt=\"\" width=\"150\" height=\"150\" srcset=\"https:\/\/nachhaltig-wirtschaften-mitteldeutschland.de\/wp-content\/uploads\/2020\/12\/SDG_4-Hochwertige_Bildung-150x150.png 150w, https:\/\/nachhaltig-wirtschaften-mitteldeutschland.de\/wp-content\/uploads\/2020\/12\/SDG_4-Hochwertige_Bildung-300x300.png 300w, https:\/\/nachhaltig-wirtschaften-mitteldeutschland.de\/wp-content\/uploads\/2020\/12\/SDG_4-Hochwertige_Bildung.png 400w\" sizes=\"(max-width: 150px) 100vw, 150px\" \/><\/a><\/p><\/div>\n\t\t\t\t<\/div>\n\t\t\t\t\t\t\t<div class=\"elementor-accordion-item\">\n\t\t\t\t\t<div id=\"elementor-tab-title-1665\" class=\"elementor-tab-title\" data-tab=\"5\" role=\"tab\" aria-controls=\"elementor-tab-content-1665\" aria-expanded=\"false\">\n\t\t\t\t\t\t\t\t\t\t\t\t\t<span class=\"elementor-accordion-icon elementor-accordion-icon-left\" aria-hidden=\"true\">\n\t\t\t\t\t\t\t\t\t\t\t\t\t\t\t<span class=\"elementor-accordion-icon-closed\"><i class=\"fas fa-plus\"><\/i><\/span>\n\t\t\t\t\t\t\t\t<span class=\"elementor-accordion-icon-opened\"><i class=\"fas fa-minus\"><\/i><\/span>\n\t\t\t\t\t\t\t\t\t\t\t\t\t\t<\/span>\n\t\t\t\t\t\t\t\t\t\t\t\t<a class=\"elementor-accordion-title\" href=\"\">Ziel 5 - Gleichstellung von Frauen und M\u00e4nnern<\/a>\n\t\t\t\t\t<\/div>\n\t\t\t\t\t<div id=\"elementor-tab-content-1665\" class=\"elementor-tab-content elementor-clearfix\" data-tab=\"5\" role=\"tabpanel\" aria-labelledby=\"elementor-tab-title-1665\"><p>In Deutschland ist die rechtliche Gleichstellung von Frauen und M\u00e4nnern erreicht. An der tats\u00e4chlichen, allt\u00e4glichen Gleichstellung arbeiten wir noch. Weltweit gibt es bei der Gleichstellung Fortschritte. Dennoch bestehen immer noch erhebliche Barrieren. Ziel der nachhaltigen Entwicklung ist es, das bis 2030 grundlegend zu verbessern.<\/p>\n<p><a href=\"https:\/\/www.bundesregierung.de\/breg-de\/themen\/nachhaltigkeitspolitik\/gleichstellung-von-frauen-und-maennern-841120\" target=\"_blank\" rel=\"noopener\"><img loading=\"lazy\" decoding=\"async\" class=\"alignnone size-thumbnail wp-image-354\" src=\"https:\/\/nachhaltig-wirtschaften-mitteldeutschland.de\/wp-content\/uploads\/2020\/12\/SDG_5-Geschlechtergleichheit-150x150.png\" alt=\"\" width=\"150\" height=\"150\" srcset=\"https:\/\/nachhaltig-wirtschaften-mitteldeutschland.de\/wp-content\/uploads\/2020\/12\/SDG_5-Geschlechtergleichheit-150x150.png 150w, https:\/\/nachhaltig-wirtschaften-mitteldeutschland.de\/wp-content\/uploads\/2020\/12\/SDG_5-Geschlechtergleichheit-300x300.png 300w, https:\/\/nachhaltig-wirtschaften-mitteldeutschland.de\/wp-content\/uploads\/2020\/12\/SDG_5-Geschlechtergleichheit.png 400w\" sizes=\"(max-width: 150px) 100vw, 150px\" \/><\/a><\/p><\/div>\n\t\t\t\t<\/div>\n\t\t\t\t\t\t\t<div class=\"elementor-accordion-item\">\n\t\t\t\t\t<div id=\"elementor-tab-title-1666\" class=\"elementor-tab-title\" data-tab=\"6\" role=\"tab\" aria-controls=\"elementor-tab-content-1666\" aria-expanded=\"false\">\n\t\t\t\t\t\t\t\t\t\t\t\t\t<span class=\"elementor-accordion-icon elementor-accordion-icon-left\" aria-hidden=\"true\">\n\t\t\t\t\t\t\t\t\t\t\t\t\t\t\t<span class=\"elementor-accordion-icon-closed\"><i class=\"fas fa-plus\"><\/i><\/span>\n\t\t\t\t\t\t\t\t<span class=\"elementor-accordion-icon-opened\"><i class=\"fas fa-minus\"><\/i><\/span>\n\t\t\t\t\t\t\t\t\t\t\t\t\t\t<\/span>\n\t\t\t\t\t\t\t\t\t\t\t\t<a class=\"elementor-accordion-title\" href=\"\">Ziel 6 - Ausreichend Wasser in bester Qualit\u00e4t<\/a>\n\t\t\t\t\t<\/div>\n\t\t\t\t\t<div id=\"elementor-tab-content-1666\" class=\"elementor-tab-content elementor-clearfix\" data-tab=\"6\" role=\"tabpanel\" aria-labelledby=\"elementor-tab-title-1666\"><p>Die sichere Versorgung mit sauberem Wasser ist f\u00fcr ein Leben in Gesundheit und W\u00fcrde unerl\u00e4sslich. Das soll weltweit bis zum Jahr 2030 erreicht werden. Auch in Deutschland ist der Schutz des Wassers ein zentrales Anliegen.<\/p>\n<p><a href=\"https:\/\/www.bundesregierung.de\/breg-de\/themen\/nachhaltigkeitspolitik\/ausreichend-wasser-in-bester-qualitaet-313276\" target=\"_blank\" rel=\"noopener\"><img loading=\"lazy\" decoding=\"async\" class=\"alignnone size-thumbnail wp-image-376\" src=\"https:\/\/nachhaltig-wirtschaften-mitteldeutschland.de\/wp-content\/uploads\/2020\/12\/SDG_6-Sauberes_Wasser_und_Sanitaereinrichtungen-150x150.png\" alt=\"\" width=\"150\" height=\"150\" srcset=\"https:\/\/nachhaltig-wirtschaften-mitteldeutschland.de\/wp-content\/uploads\/2020\/12\/SDG_6-Sauberes_Wasser_und_Sanitaereinrichtungen-150x150.png 150w, https:\/\/nachhaltig-wirtschaften-mitteldeutschland.de\/wp-content\/uploads\/2020\/12\/SDG_6-Sauberes_Wasser_und_Sanitaereinrichtungen-300x300.png 300w, https:\/\/nachhaltig-wirtschaften-mitteldeutschland.de\/wp-content\/uploads\/2020\/12\/SDG_6-Sauberes_Wasser_und_Sanitaereinrichtungen.png 400w\" sizes=\"(max-width: 150px) 100vw, 150px\" \/><\/a><\/p><\/div>\n\t\t\t\t<\/div>\n\t\t\t\t\t\t\t<div class=\"elementor-accordion-item\">\n\t\t\t\t\t<div id=\"elementor-tab-title-1667\" class=\"elementor-tab-title\" data-tab=\"7\" role=\"tab\" aria-controls=\"elementor-tab-content-1667\" aria-expanded=\"false\">\n\t\t\t\t\t\t\t\t\t\t\t\t\t<span class=\"elementor-accordion-icon elementor-accordion-icon-left\" aria-hidden=\"true\">\n\t\t\t\t\t\t\t\t\t\t\t\t\t\t\t<span class=\"elementor-accordion-icon-closed\"><i class=\"fas fa-plus\"><\/i><\/span>\n\t\t\t\t\t\t\t\t<span class=\"elementor-accordion-icon-opened\"><i class=\"fas fa-minus\"><\/i><\/span>\n\t\t\t\t\t\t\t\t\t\t\t\t\t\t<\/span>\n\t\t\t\t\t\t\t\t\t\t\t\t<a class=\"elementor-accordion-title\" href=\"\">Ziel 7 - Bezahlbare und saubere Energie<\/a>\n\t\t\t\t\t<\/div>\n\t\t\t\t\t<div id=\"elementor-tab-content-1667\" class=\"elementor-tab-content elementor-clearfix\" data-tab=\"7\" role=\"tabpanel\" aria-labelledby=\"elementor-tab-title-1667\"><p>Energie ist eine grundlegende Voraussetzung f\u00fcr wirtschaftliche und soziale Entwicklung. Saubere Energiequellen sind ein Schl\u00fcsselfaktor f\u00fcr den Umwelt- und Klimaschutz. Derzeit stammt der Gro\u00dfteil der weltweit erzeugten Energie aber immer noch aus fossilen Energietr\u00e4gern.<\/p>\n<p><a href=\"https:\/\/www.bundesregierung.de\/breg-de\/themen\/nachhaltigkeitspolitik\/bezahlbare-und-saubere-energie-1581908\" target=\"_blank\" rel=\"noopener\"><img loading=\"lazy\" decoding=\"async\" class=\"alignnone size-thumbnail wp-image-356\" src=\"https:\/\/nachhaltig-wirtschaften-mitteldeutschland.de\/wp-content\/uploads\/2020\/12\/SDG_7-Bezahlbare_und_saubere_Energie-150x150.png\" alt=\"\" width=\"150\" height=\"150\" srcset=\"https:\/\/nachhaltig-wirtschaften-mitteldeutschland.de\/wp-content\/uploads\/2020\/12\/SDG_7-Bezahlbare_und_saubere_Energie-150x150.png 150w, https:\/\/nachhaltig-wirtschaften-mitteldeutschland.de\/wp-content\/uploads\/2020\/12\/SDG_7-Bezahlbare_und_saubere_Energie-300x300.png 300w, https:\/\/nachhaltig-wirtschaften-mitteldeutschland.de\/wp-content\/uploads\/2020\/12\/SDG_7-Bezahlbare_und_saubere_Energie.png 400w\" sizes=\"(max-width: 150px) 100vw, 150px\" \/><\/a><\/p><\/div>\n\t\t\t\t<\/div>\n\t\t\t\t\t\t\t<div class=\"elementor-accordion-item\">\n\t\t\t\t\t<div id=\"elementor-tab-title-1668\" class=\"elementor-tab-title\" data-tab=\"8\" role=\"tab\" aria-controls=\"elementor-tab-content-1668\" aria-expanded=\"false\">\n\t\t\t\t\t\t\t\t\t\t\t\t\t<span class=\"elementor-accordion-icon elementor-accordion-icon-left\" aria-hidden=\"true\">\n\t\t\t\t\t\t\t\t\t\t\t\t\t\t\t<span class=\"elementor-accordion-icon-closed\"><i class=\"fas fa-plus\"><\/i><\/span>\n\t\t\t\t\t\t\t\t<span class=\"elementor-accordion-icon-opened\"><i class=\"fas fa-minus\"><\/i><\/span>\n\t\t\t\t\t\t\t\t\t\t\t\t\t\t<\/span>\n\t\t\t\t\t\t\t\t\t\t\t\t<a class=\"elementor-accordion-title\" href=\"\">Ziel 8 - Nachhaltig wirtschaften als Chance f\u00fcr alle<\/a>\n\t\t\t\t\t<\/div>\n\t\t\t\t\t<div id=\"elementor-tab-content-1668\" class=\"elementor-tab-content elementor-clearfix\" data-tab=\"8\" role=\"tabpanel\" aria-labelledby=\"elementor-tab-title-1668\"><p>Die Globalisierung birgt viele Chancen f\u00fcr mehr Wohlstand. Jedoch profitieren nicht alle auf gleiche Weise von den Vorteilen der Globalisierung. Wenn es beispielsweise um gute Arbeit mit sozialen Mindeststandards und ad\u00e4quaten L\u00f6hnen geht, stehen wir international immer noch vor vielen Herausforderungen.<\/p>\n<p><a href=\"https:\/\/www.bundesregierung.de\/breg-de\/themen\/nachhaltigkeitspolitik\/nachhaltig-wirtschaften-als-chance-fuer-alle-276606\" target=\"_blank\" rel=\"noopener\"><img loading=\"lazy\" decoding=\"async\" class=\"alignnone size-thumbnail wp-image-377\" src=\"https:\/\/nachhaltig-wirtschaften-mitteldeutschland.de\/wp-content\/uploads\/2020\/12\/SDG_8-Menschenwuerdige_Arbeit_und_Wirtschaftswachstum-150x150.png\" alt=\"\" width=\"150\" height=\"150\" srcset=\"https:\/\/nachhaltig-wirtschaften-mitteldeutschland.de\/wp-content\/uploads\/2020\/12\/SDG_8-Menschenwuerdige_Arbeit_und_Wirtschaftswachstum-150x150.png 150w, https:\/\/nachhaltig-wirtschaften-mitteldeutschland.de\/wp-content\/uploads\/2020\/12\/SDG_8-Menschenwuerdige_Arbeit_und_Wirtschaftswachstum-300x300.png 300w, https:\/\/nachhaltig-wirtschaften-mitteldeutschland.de\/wp-content\/uploads\/2020\/12\/SDG_8-Menschenwuerdige_Arbeit_und_Wirtschaftswachstum.png 400w\" sizes=\"(max-width: 150px) 100vw, 150px\" \/><\/a><\/p><\/div>\n\t\t\t\t<\/div>\n\t\t\t\t\t\t\t<div class=\"elementor-accordion-item\">\n\t\t\t\t\t<div id=\"elementor-tab-title-1669\" class=\"elementor-tab-title\" data-tab=\"9\" role=\"tab\" aria-controls=\"elementor-tab-content-1669\" aria-expanded=\"false\">\n\t\t\t\t\t\t\t\t\t\t\t\t\t<span class=\"elementor-accordion-icon elementor-accordion-icon-left\" aria-hidden=\"true\">\n\t\t\t\t\t\t\t\t\t\t\t\t\t\t\t<span class=\"elementor-accordion-icon-closed\"><i class=\"fas fa-plus\"><\/i><\/span>\n\t\t\t\t\t\t\t\t<span class=\"elementor-accordion-icon-opened\"><i class=\"fas fa-minus\"><\/i><\/span>\n\t\t\t\t\t\t\t\t\t\t\t\t\t\t<\/span>\n\t\t\t\t\t\t\t\t\t\t\t\t<a class=\"elementor-accordion-title\" href=\"\">Ziel 9 - Industrie, Innovation und Infrastruktur<\/a>\n\t\t\t\t\t<\/div>\n\t\t\t\t\t<div id=\"elementor-tab-content-1669\" class=\"elementor-tab-content elementor-clearfix\" data-tab=\"9\" role=\"tabpanel\" aria-labelledby=\"elementor-tab-title-1669\"><p>\u00a0<\/p>\n<p>Darin war sich die Staatengemeinschaft mit der Verabschiedung der 17 globalen Nachhaltigkeitsziele 2015 in New York einig: Nachhaltiges Wirtschaftswachstum, nachhaltige Produktion, nachhaltige St\u00e4dte und nachhaltige Bildungs- und Gesundheitssysteme sowie damit eine ganze Reihe wichtiger Nachhaltigkeitsziele sind ohne intelligente Innovationen, moderne Infrastrukturen und eine leistungsf\u00e4hige Industrie nicht denkbar.<\/p>\n<p><a href=\"https:\/\/www.bundesregierung.de\/breg-de\/themen\/nachhaltigkeitspolitik\/industrie-innovation-und-infrastruktur-1552930\" target=\"_blank\" rel=\"noopener\"><img loading=\"lazy\" decoding=\"async\" class=\"alignnone size-thumbnail wp-image-358\" src=\"https:\/\/nachhaltig-wirtschaften-mitteldeutschland.de\/wp-content\/uploads\/2020\/12\/SDG_9-Industrie_Innovation_und_Infrastruktur-150x150.png\" alt=\"\" width=\"150\" height=\"150\" srcset=\"https:\/\/nachhaltig-wirtschaften-mitteldeutschland.de\/wp-content\/uploads\/2020\/12\/SDG_9-Industrie_Innovation_und_Infrastruktur-150x150.png 150w, https:\/\/nachhaltig-wirtschaften-mitteldeutschland.de\/wp-content\/uploads\/2020\/12\/SDG_9-Industrie_Innovation_und_Infrastruktur-300x300.png 300w, https:\/\/nachhaltig-wirtschaften-mitteldeutschland.de\/wp-content\/uploads\/2020\/12\/SDG_9-Industrie_Innovation_und_Infrastruktur.png 400w\" sizes=\"(max-width: 150px) 100vw, 150px\" \/><\/a><\/p><\/div>\n\t\t\t\t<\/div>\n\t\t\t\t\t\t\t<div class=\"elementor-accordion-item\">\n\t\t\t\t\t<div id=\"elementor-tab-title-16610\" class=\"elementor-tab-title\" data-tab=\"10\" role=\"tab\" aria-controls=\"elementor-tab-content-16610\" aria-expanded=\"false\">\n\t\t\t\t\t\t\t\t\t\t\t\t\t<span class=\"elementor-accordion-icon elementor-accordion-icon-left\" aria-hidden=\"true\">\n\t\t\t\t\t\t\t\t\t\t\t\t\t\t\t<span class=\"elementor-accordion-icon-closed\"><i class=\"fas fa-plus\"><\/i><\/span>\n\t\t\t\t\t\t\t\t<span class=\"elementor-accordion-icon-opened\"><i class=\"fas fa-minus\"><\/i><\/span>\n\t\t\t\t\t\t\t\t\t\t\t\t\t\t<\/span>\n\t\t\t\t\t\t\t\t\t\t\t\t<a class=\"elementor-accordion-title\" href=\"\">Ziel 10 - Weniger Ungleichheiten<\/a>\n\t\t\t\t\t<\/div>\n\t\t\t\t\t<div id=\"elementor-tab-content-16610\" class=\"elementor-tab-content elementor-clearfix\" data-tab=\"10\" role=\"tabpanel\" aria-labelledby=\"elementor-tab-title-16610\"><p>Einkommen und Verm\u00f6gen sind weltweit ungleich verteilt. In vielen L\u00e4ndern steigt die Ungleichheit weiter an. Deshalb soll insbesondere das Einkommen der \u00e4rmsten 40 Prozent der Bev\u00f6lkerung wachsen.<\/p>\n<p><a href=\"https:\/\/www.bundesregierung.de\/breg-de\/themen\/nachhaltigkeitspolitik\/weniger-ungleichheiten-1592836\" target=\"_blank\" rel=\"noopener\"><img loading=\"lazy\" decoding=\"async\" class=\"alignnone size-thumbnail wp-image-359\" src=\"https:\/\/nachhaltig-wirtschaften-mitteldeutschland.de\/wp-content\/uploads\/2020\/12\/SDG_10-Weniger_Ungleichheiten-150x150.png\" alt=\"\" width=\"150\" height=\"150\" srcset=\"https:\/\/nachhaltig-wirtschaften-mitteldeutschland.de\/wp-content\/uploads\/2020\/12\/SDG_10-Weniger_Ungleichheiten-150x150.png 150w, https:\/\/nachhaltig-wirtschaften-mitteldeutschland.de\/wp-content\/uploads\/2020\/12\/SDG_10-Weniger_Ungleichheiten-300x300.png 300w, https:\/\/nachhaltig-wirtschaften-mitteldeutschland.de\/wp-content\/uploads\/2020\/12\/SDG_10-Weniger_Ungleichheiten.png 400w\" sizes=\"(max-width: 150px) 100vw, 150px\" \/><\/a><\/p><\/div>\n\t\t\t\t<\/div>\n\t\t\t\t\t\t\t<div class=\"elementor-accordion-item\">\n\t\t\t\t\t<div id=\"elementor-tab-title-16611\" class=\"elementor-tab-title\" data-tab=\"11\" role=\"tab\" aria-controls=\"elementor-tab-content-16611\" aria-expanded=\"false\">\n\t\t\t\t\t\t\t\t\t\t\t\t\t<span class=\"elementor-accordion-icon elementor-accordion-icon-left\" aria-hidden=\"true\">\n\t\t\t\t\t\t\t\t\t\t\t\t\t\t\t<span class=\"elementor-accordion-icon-closed\"><i class=\"fas fa-plus\"><\/i><\/span>\n\t\t\t\t\t\t\t\t<span class=\"elementor-accordion-icon-opened\"><i class=\"fas fa-minus\"><\/i><\/span>\n\t\t\t\t\t\t\t\t\t\t\t\t\t\t<\/span>\n\t\t\t\t\t\t\t\t\t\t\t\t<a class=\"elementor-accordion-title\" href=\"\">Ziel 11 - Nachhaltige St\u00e4dte und Gemeinden<\/a>\n\t\t\t\t\t<\/div>\n\t\t\t\t\t<div id=\"elementor-tab-content-16611\" class=\"elementor-tab-content elementor-clearfix\" data-tab=\"11\" role=\"tabpanel\" aria-labelledby=\"elementor-tab-title-16611\"><p>Jeder zweite Mensch lebt heute in der Stadt. Der Zuzug ist ungebrochen. Damit wir in Zukunft gut leben, brauchen wir bezahlbaren Wohnraum und eine nachhaltige und integrierte Stadtentwicklungspolitik.<\/p>\n<p><a href=\"https:\/\/www.bundesregierung.de\/breg-de\/themen\/nachhaltigkeitspolitik\/nachhaltige-staedte-und-gemeinden-1006538\" target=\"_blank\" rel=\"noopener\"><img loading=\"lazy\" decoding=\"async\" class=\"alignnone size-thumbnail wp-image-378\" src=\"https:\/\/nachhaltig-wirtschaften-mitteldeutschland.de\/wp-content\/uploads\/2020\/12\/SDG_11-Nachhaltige_Staedte_und_Gemeinden-150x150.png\" alt=\"\" width=\"150\" height=\"150\" srcset=\"https:\/\/nachhaltig-wirtschaften-mitteldeutschland.de\/wp-content\/uploads\/2020\/12\/SDG_11-Nachhaltige_Staedte_und_Gemeinden-150x150.png 150w, https:\/\/nachhaltig-wirtschaften-mitteldeutschland.de\/wp-content\/uploads\/2020\/12\/SDG_11-Nachhaltige_Staedte_und_Gemeinden-300x300.png 300w, https:\/\/nachhaltig-wirtschaften-mitteldeutschland.de\/wp-content\/uploads\/2020\/12\/SDG_11-Nachhaltige_Staedte_und_Gemeinden.png 400w\" sizes=\"(max-width: 150px) 100vw, 150px\" \/><\/a><\/p><\/div>\n\t\t\t\t<\/div>\n\t\t\t\t\t\t\t<div class=\"elementor-accordion-item\">\n\t\t\t\t\t<div id=\"elementor-tab-title-16612\" class=\"elementor-tab-title\" data-tab=\"12\" role=\"tab\" aria-controls=\"elementor-tab-content-16612\" aria-expanded=\"false\">\n\t\t\t\t\t\t\t\t\t\t\t\t\t<span class=\"elementor-accordion-icon elementor-accordion-icon-left\" aria-hidden=\"true\">\n\t\t\t\t\t\t\t\t\t\t\t\t\t\t\t<span class=\"elementor-accordion-icon-closed\"><i class=\"fas fa-plus\"><\/i><\/span>\n\t\t\t\t\t\t\t\t<span class=\"elementor-accordion-icon-opened\"><i class=\"fas fa-minus\"><\/i><\/span>\n\t\t\t\t\t\t\t\t\t\t\t\t\t\t<\/span>\n\t\t\t\t\t\t\t\t\t\t\t\t<a class=\"elementor-accordion-title\" href=\"\">Ziel 12 - Nachhaltig produzieren und konsumieren<\/a>\n\t\t\t\t\t<\/div>\n\t\t\t\t\t<div id=\"elementor-tab-content-16612\" class=\"elementor-tab-content elementor-clearfix\" data-tab=\"12\" role=\"tabpanel\" aria-labelledby=\"elementor-tab-title-16612\"><p>Unser Planet ist nur begrenzt belastbar. Um auch k\u00fcnftig gut leben zu k\u00f6nnen, gilt es unseren Konsum und unsere Produktionstechniken zu ver\u00e4ndern. Ein Baustein dazu sind Regeln f\u00fcr den Umgang mit begrenzten <span lang=\"fr\" xml:lang=\"fr\">Ressourcen<\/span>, f\u00fcr den Arbeits-, Gesundheits- und Umweltschutz.<\/p>\n<p><a href=\"https:\/\/www.bundesregierung.de\/breg-de\/themen\/nachhaltigkeitspolitik\/nachhaltig-produzieren-und-konsumieren-181666\" target=\"_blank\" rel=\"noopener\"><img loading=\"lazy\" decoding=\"async\" class=\"alignnone size-thumbnail wp-image-361\" src=\"https:\/\/nachhaltig-wirtschaften-mitteldeutschland.de\/wp-content\/uploads\/2020\/12\/SDG_12-Nachhaltiger_Konsum_und_Produktion-150x150.png\" alt=\"\" width=\"150\" height=\"150\" srcset=\"https:\/\/nachhaltig-wirtschaften-mitteldeutschland.de\/wp-content\/uploads\/2020\/12\/SDG_12-Nachhaltiger_Konsum_und_Produktion-150x150.png 150w, https:\/\/nachhaltig-wirtschaften-mitteldeutschland.de\/wp-content\/uploads\/2020\/12\/SDG_12-Nachhaltiger_Konsum_und_Produktion-300x300.png 300w, https:\/\/nachhaltig-wirtschaften-mitteldeutschland.de\/wp-content\/uploads\/2020\/12\/SDG_12-Nachhaltiger_Konsum_und_Produktion.png 400w\" sizes=\"(max-width: 150px) 100vw, 150px\" \/><\/a><\/p><\/div>\n\t\t\t\t<\/div>\n\t\t\t\t\t\t\t<div class=\"elementor-accordion-item\">\n\t\t\t\t\t<div id=\"elementor-tab-title-16613\" class=\"elementor-tab-title\" data-tab=\"13\" role=\"tab\" aria-controls=\"elementor-tab-content-16613\" aria-expanded=\"false\">\n\t\t\t\t\t\t\t\t\t\t\t\t\t<span class=\"elementor-accordion-icon elementor-accordion-icon-left\" aria-hidden=\"true\">\n\t\t\t\t\t\t\t\t\t\t\t\t\t\t\t<span class=\"elementor-accordion-icon-closed\"><i class=\"fas fa-plus\"><\/i><\/span>\n\t\t\t\t\t\t\t\t<span class=\"elementor-accordion-icon-opened\"><i class=\"fas fa-minus\"><\/i><\/span>\n\t\t\t\t\t\t\t\t\t\t\t\t\t\t<\/span>\n\t\t\t\t\t\t\t\t\t\t\t\t<a class=\"elementor-accordion-title\" href=\"\">Ziel 13 - Weltweit Klimaschutz umsetzen<\/a>\n\t\t\t\t\t<\/div>\n\t\t\t\t\t<div id=\"elementor-tab-content-16613\" class=\"elementor-tab-content elementor-clearfix\" data-tab=\"13\" role=\"tabpanel\" aria-labelledby=\"elementor-tab-title-16613\"><p>Der Klimawandel f\u00fchrt zu Extremwetterereignisse wie Wirbelst\u00fcrmen, D\u00fcrren und \u00dcberschwemmungen. Wenn der Meeresspiegel steigt, Ernten vertrocknen und ganze Landst\u00fccke unbewohnbar werden, zieht es die Menschen dorthin, wo es sich besser leben l\u00e4sst. Deshalb will die Staatengemeinschaft den Klimawandel gemeinsam deutlich begrenzen.<\/p>\n<p><a href=\"https:\/\/www.bundesregierung.de\/breg-de\/themen\/nachhaltigkeitspolitik\/weltweit-klimaschutz-umsetzen-181812\" target=\"_blank\" rel=\"noopener\"><img loading=\"lazy\" decoding=\"async\" class=\"alignnone size-thumbnail wp-image-362\" src=\"https:\/\/nachhaltig-wirtschaften-mitteldeutschland.de\/wp-content\/uploads\/2020\/12\/SDG_13-Massnahmen_zum_Klimaschutz-150x150.png\" alt=\"\" width=\"150\" height=\"150\" srcset=\"https:\/\/nachhaltig-wirtschaften-mitteldeutschland.de\/wp-content\/uploads\/2020\/12\/SDG_13-Massnahmen_zum_Klimaschutz-150x150.png 150w, https:\/\/nachhaltig-wirtschaften-mitteldeutschland.de\/wp-content\/uploads\/2020\/12\/SDG_13-Massnahmen_zum_Klimaschutz-300x300.png 300w, https:\/\/nachhaltig-wirtschaften-mitteldeutschland.de\/wp-content\/uploads\/2020\/12\/SDG_13-Massnahmen_zum_Klimaschutz.png 400w\" sizes=\"(max-width: 150px) 100vw, 150px\" \/><\/a><\/p><\/div>\n\t\t\t\t<\/div>\n\t\t\t\t\t\t\t<div class=\"elementor-accordion-item\">\n\t\t\t\t\t<div id=\"elementor-tab-title-16614\" class=\"elementor-tab-title\" data-tab=\"14\" role=\"tab\" aria-controls=\"elementor-tab-content-16614\" aria-expanded=\"false\">\n\t\t\t\t\t\t\t\t\t\t\t\t\t<span class=\"elementor-accordion-icon elementor-accordion-icon-left\" aria-hidden=\"true\">\n\t\t\t\t\t\t\t\t\t\t\t\t\t\t\t<span class=\"elementor-accordion-icon-closed\"><i class=\"fas fa-plus\"><\/i><\/span>\n\t\t\t\t\t\t\t\t<span class=\"elementor-accordion-icon-opened\"><i class=\"fas fa-minus\"><\/i><\/span>\n\t\t\t\t\t\t\t\t\t\t\t\t\t\t<\/span>\n\t\t\t\t\t\t\t\t\t\t\t\t<a class=\"elementor-accordion-title\" href=\"\">Ziel 14 - Leben unter Wasser sch\u00fctzen<\/a>\n\t\t\t\t\t<\/div>\n\t\t\t\t\t<div id=\"elementor-tab-content-16614\" class=\"elementor-tab-content elementor-clearfix\" data-tab=\"14\" role=\"tabpanel\" aria-labelledby=\"elementor-tab-title-16614\"><p>Die Ozeane sind Grundlage des Lebens. Sie sind Nahrungs-, Rohstoff- und Energiequelle und dienen als Verkehrsweg. Doch die Meere sind akut gef\u00e4hrdet. Steigende Wassertemperaturen und die Meeresverschmutzung zeigen das. Deshalb will die Staatengemeinschaft bis 2030 diese Entwicklung stoppen.<\/p>\n<p><a href=\"https:\/\/www.bundesregierung.de\/breg-de\/themen\/nachhaltigkeitspolitik\/leben-unter-wasser-schuetzen-1522310\" target=\"_blank\" rel=\"noopener\"><img loading=\"lazy\" decoding=\"async\" class=\"alignnone size-thumbnail wp-image-363\" src=\"https:\/\/nachhaltig-wirtschaften-mitteldeutschland.de\/wp-content\/uploads\/2020\/12\/SDG_14-Leben_unter_Wasser-150x150.png\" alt=\"\" width=\"150\" height=\"150\" srcset=\"https:\/\/nachhaltig-wirtschaften-mitteldeutschland.de\/wp-content\/uploads\/2020\/12\/SDG_14-Leben_unter_Wasser-150x150.png 150w, https:\/\/nachhaltig-wirtschaften-mitteldeutschland.de\/wp-content\/uploads\/2020\/12\/SDG_14-Leben_unter_Wasser-300x300.png 300w, https:\/\/nachhaltig-wirtschaften-mitteldeutschland.de\/wp-content\/uploads\/2020\/12\/SDG_14-Leben_unter_Wasser.png 400w\" sizes=\"(max-width: 150px) 100vw, 150px\" \/><\/a><\/p><\/div>\n\t\t\t\t<\/div>\n\t\t\t\t\t\t\t<div class=\"elementor-accordion-item\">\n\t\t\t\t\t<div id=\"elementor-tab-title-16615\" class=\"elementor-tab-title\" data-tab=\"15\" role=\"tab\" aria-controls=\"elementor-tab-content-16615\" aria-expanded=\"false\">\n\t\t\t\t\t\t\t\t\t\t\t\t\t<span class=\"elementor-accordion-icon elementor-accordion-icon-left\" aria-hidden=\"true\">\n\t\t\t\t\t\t\t\t\t\t\t\t\t\t\t<span class=\"elementor-accordion-icon-closed\"><i class=\"fas fa-plus\"><\/i><\/span>\n\t\t\t\t\t\t\t\t<span class=\"elementor-accordion-icon-opened\"><i class=\"fas fa-minus\"><\/i><\/span>\n\t\t\t\t\t\t\t\t\t\t\t\t\t\t<\/span>\n\t\t\t\t\t\t\t\t\t\t\t\t<a class=\"elementor-accordion-title\" href=\"\">Ziel 15 - Leben an Land<\/a>\n\t\t\t\t\t<\/div>\n\t\t\t\t\t<div id=\"elementor-tab-content-16615\" class=\"elementor-tab-content elementor-clearfix\" data-tab=\"15\" role=\"tabpanel\" aria-labelledby=\"elementor-tab-title-16615\"><p>Intakte \u00d6kosysteme sind die Grundlage f\u00fcr Leben auf der Erde und eine nachhaltige Entwicklung. Sind sie gest\u00f6rt, treibt das viele Menschen in Hunger und Armut, f\u00fchrt zu Umweltkatastrophen und gef\u00e4hrdet unser Klima und eine nachhaltige Entwicklung. Deshalb will die Staatengemeinschaft durch das Nachhaltigkeitsziel 15 Leben an Land wirksam sch\u00fctzen.<\/p>\n<p><a href=\"https:\/\/www.bundesregierung.de\/breg-de\/themen\/nachhaltigkeitspolitik\/leben-an-land-1642288\" target=\"_blank\" rel=\"noopener\"><img loading=\"lazy\" decoding=\"async\" class=\"alignnone size-thumbnail wp-image-364\" src=\"https:\/\/nachhaltig-wirtschaften-mitteldeutschland.de\/wp-content\/uploads\/2020\/12\/SDG_15-Leben_an_Land-150x150.png\" alt=\"\" width=\"150\" height=\"150\" srcset=\"https:\/\/nachhaltig-wirtschaften-mitteldeutschland.de\/wp-content\/uploads\/2020\/12\/SDG_15-Leben_an_Land-150x150.png 150w, https:\/\/nachhaltig-wirtschaften-mitteldeutschland.de\/wp-content\/uploads\/2020\/12\/SDG_15-Leben_an_Land-300x300.png 300w, https:\/\/nachhaltig-wirtschaften-mitteldeutschland.de\/wp-content\/uploads\/2020\/12\/SDG_15-Leben_an_Land.png 400w\" sizes=\"(max-width: 150px) 100vw, 150px\" \/><\/a><\/p><\/div>\n\t\t\t\t<\/div>\n\t\t\t\t\t\t\t<div class=\"elementor-accordion-item\">\n\t\t\t\t\t<div id=\"elementor-tab-title-16616\" class=\"elementor-tab-title\" data-tab=\"16\" role=\"tab\" aria-controls=\"elementor-tab-content-16616\" aria-expanded=\"false\">\n\t\t\t\t\t\t\t\t\t\t\t\t\t<span class=\"elementor-accordion-icon elementor-accordion-icon-left\" aria-hidden=\"true\">\n\t\t\t\t\t\t\t\t\t\t\t\t\t\t\t<span class=\"elementor-accordion-icon-closed\"><i class=\"fas fa-plus\"><\/i><\/span>\n\t\t\t\t\t\t\t\t<span class=\"elementor-accordion-icon-opened\"><i class=\"fas fa-minus\"><\/i><\/span>\n\t\t\t\t\t\t\t\t\t\t\t\t\t\t<\/span>\n\t\t\t\t\t\t\t\t\t\t\t\t<a class=\"elementor-accordion-title\" href=\"\">Ziel 16 - Starke und transparente Institutionen f\u00f6rdern<\/a>\n\t\t\t\t\t<\/div>\n\t\t\t\t\t<div id=\"elementor-tab-content-16616\" class=\"elementor-tab-content elementor-clearfix\" data-tab=\"16\" role=\"tabpanel\" aria-labelledby=\"elementor-tab-title-16616\"><p>Ohne ein sicheres Umfeld und rechtstaatlich handelnde Institutionen ist eine nachhaltige Entwicklung unm\u00f6glich. F\u00fcr Frieden, Gerechtigkeit und Rechtsstaatlichkeit ist gutes Regieren ohne Korruption unerl\u00e4sslich. Daf\u00fcr engagiert Deutschland sich und setzt sich mit der Nachhaltigkeitsstrategie konkrete eigene Ziele.<\/p>\n<p><a href=\"https:\/\/www.bundesregierung.de\/breg-de\/themen\/nachhaltigkeitspolitik\/starke-und-transparente-institutionen-foerdern-199866\" target=\"_blank\" rel=\"noopener\"><img loading=\"lazy\" decoding=\"async\" class=\"alignnone size-thumbnail wp-image-365\" src=\"https:\/\/nachhaltig-wirtschaften-mitteldeutschland.de\/wp-content\/uploads\/2020\/12\/SDG_16-Frieden_Gerechtigkeit_und_starke_Institutionen-150x150.png\" alt=\"\" width=\"150\" height=\"150\" srcset=\"https:\/\/nachhaltig-wirtschaften-mitteldeutschland.de\/wp-content\/uploads\/2020\/12\/SDG_16-Frieden_Gerechtigkeit_und_starke_Institutionen-150x150.png 150w, https:\/\/nachhaltig-wirtschaften-mitteldeutschland.de\/wp-content\/uploads\/2020\/12\/SDG_16-Frieden_Gerechtigkeit_und_starke_Institutionen-300x300.png 300w, https:\/\/nachhaltig-wirtschaften-mitteldeutschland.de\/wp-content\/uploads\/2020\/12\/SDG_16-Frieden_Gerechtigkeit_und_starke_Institutionen.png 400w\" sizes=\"(max-width: 150px) 100vw, 150px\" \/><\/a><\/p><\/div>\n\t\t\t\t<\/div>\n\t\t\t\t\t\t\t<div class=\"elementor-accordion-item\">\n\t\t\t\t\t<div id=\"elementor-tab-title-16617\" class=\"elementor-tab-title\" data-tab=\"17\" role=\"tab\" aria-controls=\"elementor-tab-content-16617\" aria-expanded=\"false\">\n\t\t\t\t\t\t\t\t\t\t\t\t\t<span class=\"elementor-accordion-icon elementor-accordion-icon-left\" aria-hidden=\"true\">\n\t\t\t\t\t\t\t\t\t\t\t\t\t\t\t<span class=\"elementor-accordion-icon-closed\"><i class=\"fas fa-plus\"><\/i><\/span>\n\t\t\t\t\t\t\t\t<span class=\"elementor-accordion-icon-opened\"><i class=\"fas fa-minus\"><\/i><\/span>\n\t\t\t\t\t\t\t\t\t\t\t\t\t\t<\/span>\n\t\t\t\t\t\t\t\t\t\t\t\t<a class=\"elementor-accordion-title\" href=\"\">Ziel 17 - Globale Partnerschaft<\/a>\n\t\t\t\t\t<\/div>\n\t\t\t\t\t<div id=\"elementor-tab-content-16617\" class=\"elementor-tab-content elementor-clearfix\" data-tab=\"17\" role=\"tabpanel\" aria-labelledby=\"elementor-tab-title-16617\"><p>Die 17 globalen Nachhaltigkeitsziele k\u00f6nnen nur durch eine starke, weltweite Partnerschaft erreicht werden. Das betrifft Herausforderungen wie die Beseitigung von Hunger und Armut, fairen Handel, sauberes Wasser oder Klimaschutz. Deutschland bringt sich aktiv ein, ist solidarisch und \u00fcbernimmt Verantwortung.<\/p>\n<p><a href=\"https:\/\/www.bundesregierung.de\/breg-de\/themen\/nachhaltigkeitspolitik\/globale-partnerschaft-1140096\" target=\"_blank\" rel=\"noopener\"><img loading=\"lazy\" decoding=\"async\" class=\"alignnone size-thumbnail wp-image-366\" src=\"https:\/\/nachhaltig-wirtschaften-mitteldeutschland.de\/wp-content\/uploads\/2020\/12\/SDG_17-Partnerschaften_zur_Erreichung_der_Ziele-150x150.png\" alt=\"\" width=\"150\" height=\"150\" srcset=\"https:\/\/nachhaltig-wirtschaften-mitteldeutschland.de\/wp-content\/uploads\/2020\/12\/SDG_17-Partnerschaften_zur_Erreichung_der_Ziele-150x150.png 150w, https:\/\/nachhaltig-wirtschaften-mitteldeutschland.de\/wp-content\/uploads\/2020\/12\/SDG_17-Partnerschaften_zur_Erreichung_der_Ziele-300x300.png 300w, https:\/\/nachhaltig-wirtschaften-mitteldeutschland.de\/wp-content\/uploads\/2020\/12\/SDG_17-Partnerschaften_zur_Erreichung_der_Ziele.png 400w\" sizes=\"(max-width: 150px) 100vw, 150px\" \/><\/a><\/p><\/div>\n\t\t\t\t<\/div>\n\t\t\t\t\t\t\t\t<\/div>\n\t\t\t\t<\/div>\n\t\t\t\t<\/div>\n\t\t\t\t\t<\/div>\n\t\t<\/div>\n\t\t\t\t\t\t\t<\/div>\n\t\t<\/section>\n\t\t\t\t\t\t\t<\/div>\n\t\t","protected":false},"excerpt":{"rendered":"<p>Nachhaltigkeitsziele Am 25. September 2015 verabschiedeten die Vereinten Nationen 17 Ziele f\u00fcr eine global nachhaltige Entwicklung (oft auch Agenda 2030 oder engl. Sustainable Development Goals &#8211; SDGs &#8211; genannt). Alle [&hellip;]<\/p>\n","protected":false},"author":1,"featured_media":0,"parent":31,"menu_order":0,"comment_status":"closed","ping_status":"closed","template":"","meta":{"footnotes":""},"_links":{"self":[{"href":"https:\/\/nachhaltig-wirtschaften-mitteldeutschland.de\/startseite\/wp-json\/wp\/v2\/pages\/63"}],"collection":[{"href":"https:\/\/nachhaltig-wirtschaften-mitteldeutschland.de\/startseite\/wp-json\/wp\/v2\/pages"}],"about":[{"href":"https:\/\/nachhaltig-wirtschaften-mitteldeutschland.de\/startseite\/wp-json\/wp\/v2\/types\/page"}],"author":[{"embeddable":true,"href":"https:\/\/nachhaltig-wirtschaften-mitteldeutschland.de\/startseite\/wp-json\/wp\/v2\/users\/1"}],"replies":[{"embeddable":true,"href":"https:\/\/nachhaltig-wirtschaften-mitteldeutschland.de\/startseite\/wp-json\/wp\/v2\/comments?post=63"}],"version-history":[{"count":171,"href":"https:\/\/nachhaltig-wirtschaften-mitteldeutschland.de\/startseite\/wp-json\/wp\/v2\/pages\/63\/revisions"}],"predecessor-version":[{"id":834,"href":"https:\/\/nachhaltig-wirtschaften-mitteldeutschland.de\/startseite\/wp-json\/wp\/v2\/pages\/63\/revisions\/834"}],"up":[{"embeddable":true,"href":"https:\/\/nachhaltig-wirtschaften-mitteldeutschland.de\/startseite\/wp-json\/wp\/v2\/pages\/31"}],"wp:attachment":[{"href":"https:\/\/nachhaltig-wirtschaften-mitteldeutschland.de\/startseite\/wp-json\/wp\/v2\/media?parent=63"}],"curies":[{"name":"wp","href":"https:\/\/api.w.org\/{rel}","templated":true}]}}